{"id":1726,"date":"2020-10-26T13:41:29","date_gmt":"2020-10-26T13:41:29","guid":{"rendered":"https:\/\/schulte-trebsen.de\/?page_id=1726"},"modified":"2024-11-12T01:04:29","modified_gmt":"2024-11-12T00:04:29","slug":"historie","status":"publish","type":"page","link":"https:\/\/schulte-trebsen.de\/en\/historie\/","title":{"rendered":"History"},"content":{"rendered":"<p>[et_pb_section fb_built=&#8220;1&#8243; admin_label=&#8220;Divider Section&#8220; _builder_version=&#8220;4.16&#8243; background_color=&#8220;rgba(0,0,0,0)&#8220; custom_margin=&#8220;0px||0px||true|false&#8220; custom_padding=&#8220;0px||0px|&#8220; da_disable_devices=&#8220;off|off|off&#8220; global_colors_info=&#8220;{}&#8220; da_is_popup=&#8220;off&#8220; da_exit_intent=&#8220;off&#8220; da_has_close=&#8220;on&#8220; da_alt_close=&#8220;off&#8220; da_dark_close=&#8220;off&#8220; da_not_modal=&#8220;on&#8220; da_is_singular=&#8220;off&#8220; da_with_loader=&#8220;off&#8220; da_has_shadow=&#8220;on&#8220;][et_pb_row admin_label=&#8220;Divider Area&#8220; _builder_version=&#8220;4.16&#8243; custom_margin=&#8220;0px||0px||true|false&#8220; custom_padding=&#8220;0px||0px|&#8220; global_colors_info=&#8220;{}&#8220;][et_pb_column type=&#8220;4_4&#8243; _builder_version=&#8220;4.16&#8243; custom_padding=&#8220;|||&#8220; global_colors_info=&#8220;{}&#8220; custom_padding__hover=&#8220;|||&#8220;][et_pb_divider divider_position=&#8220;center&#8220; divider_weight=&#8220;3px&#8220; _builder_version=&#8220;4.16&#8243; custom_margin=&#8220;||0px||false|false&#8220; custom_padding=&#8220;||0px||false|false&#8220; global_colors_info=&#8220;{}&#8220;][\/et_pb_divider][\/et_pb_column][\/et_pb_row][\/et_pb_section][et_pb_section fb_built=&#8220;1&#8243; custom_padding_last_edited=&#8220;on|phone&#8220; disabled_on=&#8220;off|off|off&#8220; admin_label=&#8220;Headersektion&#8220; _builder_version=&#8220;4.27.3&#8243; use_background_color_gradient=&#8220;on&#8220; background_color_gradient_direction=&#8220;-230deg&#8220; background_color_gradient_stops=&#8220;rgba(255,255,255,0.05) 30%|rgba(0,0,0,0.64) 60%&#8220; background_color_gradient_start=&#8220;rgba(255,255,255,0.05)&#8220; background_color_gradient_start_position=&#8220;30%&#8220; background_color_gradient_end=&#8220;rgba(0,0,0,0.64)&#8220; background_color_gradient_end_position=&#8220;60%&#8220; background_image=&#8220;https:\/\/schulte-trebsen.de\/wp-content\/uploads\/2024\/11\/hist-hero_Blick-auf-Fabrik_desk_1920.webp&#8220; custom_padding=&#8220;2%||1%||false|false&#8220; custom_padding_tablet=&#8220;&#8220; custom_padding_phone=&#8220;7%||4%||false|false&#8220; background_last_edited=&#8220;on|phone&#8220; background_image_tablet=&#8220;https:\/\/schulte-trebsen.de\/wp-content\/uploads\/2024\/11\/hist-hero_Blick-auf-Fabrik_tab_1200.webp&#8220; background_image_phone=&#8220;https:\/\/schulte-trebsen.de\/wp-content\/uploads\/2024\/11\/hist-hero_Blick-auf-Fabrik_mob_900.webp&#8220; background_enable_image_tablet=&#8220;on&#8220; background_enable_image_phone=&#8220;on&#8220; da_disable_devices=&#8220;off|off|off&#8220; border_color_top=&#8220;#e62a1e&#8220; global_colors_info=&#8220;{}&#8220; da_is_popup=&#8220;off&#8220; da_exit_intent=&#8220;off&#8220; da_has_close=&#8220;on&#8220; da_alt_close=&#8220;off&#8220; da_dark_close=&#8220;off&#8220; da_not_modal=&#8220;on&#8220; da_is_singular=&#8220;off&#8220; da_with_loader=&#8220;off&#8220; da_has_shadow=&#8220;on&#8220;][et_pb_row admin_label=&#8220;Hero Area&#8220; _builder_version=&#8220;4.16&#8243; custom_padding=&#8220;||0px||false|false&#8220; global_colors_info=&#8220;{}&#8220;][et_pb_column type=&#8220;4_4&#8243; _builder_version=&#8220;4.16&#8243; custom_padding=&#8220;|||&#8220; global_colors_info=&#8220;{}&#8220; custom_padding__hover=&#8220;|||&#8220;][et_pb_image src=&#8220;https:\/\/schulte-trebsen.de\/wp-content\/uploads\/2020\/06\/schulte_logo_transparent_weiss.png&#8220; title_text=&#8220;schulte_logo_transparent_weiss&#8220; url=&#8220;https:\/\/schulte-trebsen.de&#8220; admin_label=&#8220;Logo&#8220; _builder_version=&#8220;4.16&#8243; height=&#8220;200px&#8220; height_tablet=&#8220;135px&#8220; height_phone=&#8220;120px&#8220; height_last_edited=&#8220;on|tablet&#8220; custom_margin=&#8220;0px||4%||false|false&#8220; global_colors_info=&#8220;{}&#8220;][\/et_pb_image][et_pb_text admin_label=&#8220;Title&#8220; _builder_version=&#8220;4.16&#8243; text_font=&#8220;||||||||&#8220; header_font=&#8220;Poppins|600|||||||&#8220; header_text_align=&#8220;left&#8220; header_font_size=&#8220;60px&#8220; header_line_height=&#8220;1.2em&#8220; background_layout=&#8220;dark&#8220; animation_style=&#8220;fade&#8220; header_font_size_tablet=&#8220;45px&#8220; header_font_size_phone=&#8220;30px&#8220; header_font_size_last_edited=&#8220;on|phone&#8220; header_text_shadow_style=&#8220;preset3&#8243; global_colors_info=&#8220;{}&#8220;]<\/p>\n<h1>Tradition bringt<br \/> Wissen und Erfahrung!<\/h1>\n<p>[\/et_pb_text][\/et_pb_column][\/et_pb_row][\/et_pb_section][et_pb_section fb_built=&#8220;1&#8243; admin_label=&#8220;About Section&#8220; module_id=&#8220;news&#8220; _builder_version=&#8220;4.16&#8243; custom_padding=&#8220;0px||0px|&#8220; da_disable_devices=&#8220;off|off|off&#8220; collapsed=&#8220;on&#8220; global_colors_info=&#8220;{}&#8220; da_is_popup=&#8220;off&#8220; da_exit_intent=&#8220;off&#8220; da_has_close=&#8220;on&#8220; da_alt_close=&#8220;off&#8220; da_dark_close=&#8220;off&#8220; da_not_modal=&#8220;on&#8220; da_is_singular=&#8220;off&#8220; da_with_loader=&#8220;off&#8220; da_has_shadow=&#8220;on&#8220;][et_pb_row column_structure=&#8220;1_3,1_3,1_3&#8243; use_custom_gutter=&#8220;on&#8220; gutter_width=&#8220;0&#8243; make_equal=&#8220;on&#8220; admin_label=&#8220;About Area&#8220; _builder_version=&#8220;4.16&#8243; width=&#8220;100%&#8220; max_width=&#8220;100%&#8220; custom_padding=&#8220;0px||0px|&#8220; use_custom_width=&#8220;on&#8220; width_unit=&#8220;off&#8220; custom_width_percent=&#8220;100%&#8220; global_colors_info=&#8220;{}&#8220;][et_pb_column type=&#8220;1_3&#8243; _builder_version=&#8220;4.16&#8243; background_color=&#8220;#1e1e1e&#8220; custom_padding=&#8220;6%|5%||5%|false|false&#8220; custom_padding_tablet=&#8220;&#8220; custom_padding_phone=&#8220;&#8220; custom_padding_last_edited=&#8220;on|tablet&#8220; global_colors_info=&#8220;{}&#8220; custom_padding__hover=&#8220;|||&#8220;][et_pb_text admin_label=&#8220;Chance&#8220; _builder_version=&#8220;4.16&#8243; text_font=&#8220;||||||||&#8220; header_font=&#8220;||||||||&#8220; header_2_font=&#8220;Poppins|600|||||||&#8220; header_2_text_align=&#8220;center&#8220; header_2_font_size=&#8220;32px&#8220; header_2_line_height=&#8220;1.2em&#8220; text_orientation=&#8220;center&#8220; background_layout=&#8220;dark&#8220; width=&#8220;100%&#8220; max_width=&#8220;350px&#8220; max_width_tablet=&#8220;&#8220; max_width_phone=&#8220;&#8220; max_width_last_edited=&#8220;on|tablet&#8220; module_alignment=&#8220;center&#8220; custom_margin=&#8220;||0px|&#8220; custom_padding=&#8220;|||&#8220; animation_style=&#8220;fade&#8220; header_2_font_tablet=&#8220;&#8220; header_2_font_phone=&#8220;&#8220; header_2_font_last_edited=&#8220;on|desktop&#8220; header_2_font_size_tablet=&#8220;30px&#8220; header_2_font_size_phone=&#8220;24px&#8220; header_2_font_size_last_edited=&#8220;on|phone&#8220; locked=&#8220;off&#8220; global_colors_info=&#8220;{}&#8220;]<\/p>\n<h2>Papier- und Zellstoff&shy;produktion in Trebsen<\/h2>\n<p>[\/et_pb_text][et_pb_divider divider_position=&#8220;center&#8220; divider_weight=&#8220;3px&#8220; _builder_version=&#8220;4.16&#8243; max_width=&#8220;150px&#8220; module_alignment=&#8220;center&#8220; animation_style=&#8220;slide&#8220; animation_direction=&#8220;top&#8220; animation_intensity_slide=&#8220;10%&#8220; animation_starting_opacity=&#8220;100%&#8220; locked=&#8220;off&#8220; global_colors_info=&#8220;{}&#8220;][\/et_pb_divider][et_pb_text _builder_version=&#8220;4.16&#8243; text_font=&#8220;Poppins||||||||&#8220; text_text_color=&#8220;rgba(255,255,255,0.7)&#8220; text_font_size=&#8220;18px&#8220; text_line_height=&#8220;1.8em&#8220; text_orientation=&#8220;center&#8220; max_width=&#8220;570px&#8220; module_alignment=&#8220;center&#8220; custom_margin=&#8220;25px|||&#8220; animation_style=&#8220;fade&#8220; text_font_size_tablet=&#8220;16px&#8220; text_font_size_phone=&#8220;14px&#8220; text_font_size_last_edited=&#8220;on|phone&#8220; global_colors_info=&#8220;{}&#8220;]<\/p>\n<p>An der Mulde seit 1893<span class=\"werksansichten\"><\/span><\/p>\n<p>[\/et_pb_text][et_pb_button button_url=&#8220;https:\/\/schulte-trebsen.de\/&#8220; url_new_window=&#8220;on&#8220; button_text=&#8220;Werksansichten im Wandel der Zeit&#8220; disabled_on=&#8220;off|off|on&#8220; module_class=&#8220;werksansichten&#8220; _builder_version=&#8220;4.21.0&#8243; custom_margin_tablet=&#8220;40px||40px||false|false&#8220; custom_margin_phone=&#8220;|50px||50px|false|false&#8220; locked=&#8220;off&#8220; global_colors_info=&#8220;{}&#8220; button_text_size__hover_enabled=&#8220;off&#8220; button_one_text_size__hover_enabled=&#8220;off&#8220; button_two_text_size__hover_enabled=&#8220;off&#8220; button_text_color__hover_enabled=&#8220;off&#8220; button_one_text_color__hover_enabled=&#8220;off&#8220; button_two_text_color__hover_enabled=&#8220;off&#8220; button_border_width__hover_enabled=&#8220;off&#8220; button_one_border_width__hover_enabled=&#8220;off&#8220; button_two_border_width__hover_enabled=&#8220;off&#8220; button_border_color__hover_enabled=&#8220;off&#8220; button_one_border_color__hover_enabled=&#8220;off&#8220; button_two_border_color__hover_enabled=&#8220;off&#8220; button_border_radius__hover_enabled=&#8220;off&#8220; button_one_border_radius__hover_enabled=&#8220;off&#8220; button_two_border_radius__hover_enabled=&#8220;off&#8220; button_letter_spacing__hover_enabled=&#8220;off&#8220; button_one_letter_spacing__hover_enabled=&#8220;off&#8220; button_two_letter_spacing__hover_enabled=&#8220;off&#8220; button_bg_color__hover_enabled=&#8220;off&#8220; button_one_bg_color__hover_enabled=&#8220;off&#8220; button_two_bg_color__hover_enabled=&#8220;off&#8220;][\/et_pb_button][\/et_pb_column][et_pb_column type=&#8220;1_3&#8243; _builder_version=&#8220;4.16&#8243; background_color=&#8220;#282828&#8243; custom_padding=&#8220;6%|4%|1%|4%|false|true&#8220; global_colors_info=&#8220;{}&#8220; custom_padding__hover=&#8220;|||&#8220;][et_pb_text admin_label=&#8220;Wir bieten&#8220; _builder_version=&#8220;4.16&#8243; text_font=&#8220;||||||||&#8220; header_font=&#8220;||||||||&#8220; header_2_font=&#8220;Poppins|600|||||||&#8220; header_2_text_align=&#8220;center&#8220; header_2_font_size=&#8220;32px&#8220; header_2_line_height=&#8220;1.2em&#8220; text_orientation=&#8220;center&#8220; background_layout=&#8220;dark&#8220; width=&#8220;100%&#8220; max_width=&#8220;350px&#8220; max_width_tablet=&#8220;&#8220; max_width_phone=&#8220;&#8220; max_width_last_edited=&#8220;on|tablet&#8220; module_alignment=&#8220;center&#8220; custom_margin=&#8220;||0px|&#8220; custom_padding=&#8220;|||&#8220; animation_style=&#8220;fade&#8220; animation_direction=&#8220;top&#8220; header_2_font_tablet=&#8220;&#8220; header_2_font_phone=&#8220;&#8220; header_2_font_last_edited=&#8220;on|desktop&#8220; header_2_font_size_tablet=&#8220;30px&#8220; header_2_font_size_phone=&#8220;24px&#8220; header_2_font_size_last_edited=&#8220;on|phone&#8220; global_colors_info=&#8220;{}&#8220;]<\/p>\n<h2>Familien&shy;tradition Schulte<\/h2>\n<p>[\/et_pb_text][et_pb_divider divider_position=&#8220;center&#8220; divider_weight=&#8220;3px&#8220; _builder_version=&#8220;4.16&#8243; max_width=&#8220;150px&#8220; module_alignment=&#8220;center&#8220; animation_style=&#8220;slide&#8220; animation_direction=&#8220;top&#8220; animation_intensity_slide=&#8220;10%&#8220; animation_starting_opacity=&#8220;100%&#8220; locked=&#8220;off&#8220; global_colors_info=&#8220;{}&#8220;][\/et_pb_divider][et_pb_text _builder_version=&#8220;4.16&#8243; text_font=&#8220;Poppins||||||||&#8220; text_text_color=&#8220;rgba(255,255,255,0.7)&#8220; text_font_size=&#8220;18px&#8220; text_line_height=&#8220;1.8em&#8220; text_orientation=&#8220;center&#8220; max_width=&#8220;570px&#8220; module_alignment=&#8220;center&#8220; custom_margin=&#8220;25px|||&#8220; animation_style=&#8220;fade&#8220; text_font_size_tablet=&#8220;16px&#8220; text_font_size_phone=&#8220;14px&#8220; text_font_size_last_edited=&#8220;on|phone&#8220; global_colors_info=&#8220;{}&#8220;]<\/p>\n<p>Papiermacher seit dem 17. Jahrhundert<\/p>\n<p>[\/et_pb_text][et_pb_button button_url=&#8220;#schulte&#8220; url_new_window=&#8220;on&#8220; button_text=&#8220;Ahnengalerie&#8220; disabled_on=&#8220;off|off|on&#8220; module_class=&#8220;popmake-1827&#8243; _builder_version=&#8220;4.16&#8243; custom_margin_tablet=&#8220;40px||40px||false|false&#8220; custom_margin_phone=&#8220;|50px||50px|false|false&#8220; locked=&#8220;off&#8220; global_colors_info=&#8220;{}&#8220; button_text_size__hover_enabled=&#8220;off&#8220; button_one_text_size__hover_enabled=&#8220;off&#8220; button_two_text_size__hover_enabled=&#8220;off&#8220; button_text_color__hover_enabled=&#8220;off&#8220; button_one_text_color__hover_enabled=&#8220;off&#8220; button_two_text_color__hover_enabled=&#8220;off&#8220; button_border_width__hover_enabled=&#8220;off&#8220; button_one_border_width__hover_enabled=&#8220;off&#8220; button_two_border_width__hover_enabled=&#8220;off&#8220; button_border_color__hover_enabled=&#8220;off&#8220; button_one_border_color__hover_enabled=&#8220;off&#8220; button_two_border_color__hover_enabled=&#8220;off&#8220; button_border_radius__hover_enabled=&#8220;off&#8220; button_one_border_radius__hover_enabled=&#8220;off&#8220; button_two_border_radius__hover_enabled=&#8220;off&#8220; button_letter_spacing__hover_enabled=&#8220;off&#8220; button_one_letter_spacing__hover_enabled=&#8220;off&#8220; button_two_letter_spacing__hover_enabled=&#8220;off&#8220; button_bg_color__hover_enabled=&#8220;off&#8220; button_one_bg_color__hover_enabled=&#8220;off&#8220; button_two_bg_color__hover_enabled=&#8220;off&#8220;][\/et_pb_button][\/et_pb_column][et_pb_column type=&#8220;1_3&#8243; _builder_version=&#8220;4.16&#8243; background_color=&#8220;#383838&#8243; custom_padding=&#8220;6%|5%|1%|5%|false|false&#8220; global_colors_info=&#8220;{}&#8220; custom_padding__hover=&#8220;|||&#8220;][et_pb_text admin_label=&#8220;Title&#8220; _builder_version=&#8220;4.16&#8243; text_font=&#8220;||||||||&#8220; header_font=&#8220;||||||||&#8220; header_2_font=&#8220;Poppins|600|||||||&#8220; header_2_text_align=&#8220;center&#8220; header_2_font_size=&#8220;32px&#8220; header_2_line_height=&#8220;1.2em&#8220; text_orientation=&#8220;center&#8220; background_layout=&#8220;dark&#8220; width=&#8220;100%&#8220; max_width=&#8220;350px&#8220; max_width_tablet=&#8220;&#8220; max_width_phone=&#8220;&#8220; max_width_last_edited=&#8220;on|tablet&#8220; module_alignment=&#8220;center&#8220; custom_margin=&#8220;||0px|&#8220; custom_padding=&#8220;|||&#8220; animation_style=&#8220;fade&#8220; animation_direction=&#8220;top&#8220; header_2_font_tablet=&#8220;&#8220; header_2_font_phone=&#8220;&#8220; header_2_font_last_edited=&#8220;on|desktop&#8220; header_2_font_size_tablet=&#8220;30px&#8220; header_2_font_size_phone=&#8220;24px&#8220; header_2_font_size_last_edited=&#8220;on|phone&#8220; global_colors_info=&#8220;{}&#8220;]<\/p>\n<h2>Die Geschichte der Julius Schulte S\u00f6hne GmbH &amp; Co KG<\/h2>\n<p>[\/et_pb_text][et_pb_divider divider_position=&#8220;center&#8220; divider_weight=&#8220;3px&#8220; _builder_version=&#8220;4.16&#8243; max_width=&#8220;150px&#8220; module_alignment=&#8220;center&#8220; animation_style=&#8220;slide&#8220; animation_direction=&#8220;top&#8220; animation_intensity_slide=&#8220;10%&#8220; animation_starting_opacity=&#8220;100%&#8220; locked=&#8220;off&#8220; global_colors_info=&#8220;{}&#8220;][\/et_pb_divider][et_pb_text _builder_version=&#8220;4.16&#8243; text_font=&#8220;Poppins||||||||&#8220; text_text_color=&#8220;rgba(255,255,255,0.7)&#8220; text_font_size=&#8220;18px&#8220; text_line_height=&#8220;1.8em&#8220; text_orientation=&#8220;center&#8220; max_width=&#8220;570px&#8220; module_alignment=&#8220;center&#8220; custom_margin=&#8220;25px|||&#8220; animation_style=&#8220;fade&#8220; text_font_size_tablet=&#8220;16px&#8220; text_font_size_phone=&#8220;14px&#8220; text_font_size_last_edited=&#8220;on|phone&#8220; global_colors_info=&#8220;{}&#8220;]<\/p>\n<p>Unser Partnerunternehmen aus D\u00fcsseldorf, bei dem alles 1886 begann<\/p>\n<p>[\/et_pb_text][et_pb_button button_url=&#8220;https:\/\/www.schulte-duesseldorf.de\/de\/geschichte.php&#8220; button_text=&#8220;Bebilderte Chronik&#8220; disabled_on=&#8220;off|off|on&#8220; module_class=&#8220;popmake-3164&#8243; _builder_version=&#8220;4.16&#8243; custom_margin_tablet=&#8220;40px||40px||false|false&#8220; custom_margin_phone=&#8220;|50px||50px|false|false&#8220; locked=&#8220;off&#8220; global_colors_info=&#8220;{}&#8220; button_text_size__hover_enabled=&#8220;off&#8220; button_one_text_size__hover_enabled=&#8220;off&#8220; button_two_text_size__hover_enabled=&#8220;off&#8220; button_text_color__hover_enabled=&#8220;off&#8220; button_one_text_color__hover_enabled=&#8220;off&#8220; button_two_text_color__hover_enabled=&#8220;off&#8220; button_border_width__hover_enabled=&#8220;off&#8220; button_one_border_width__hover_enabled=&#8220;off&#8220; button_two_border_width__hover_enabled=&#8220;off&#8220; button_border_color__hover_enabled=&#8220;off&#8220; button_one_border_color__hover_enabled=&#8220;off&#8220; button_two_border_color__hover_enabled=&#8220;off&#8220; button_border_radius__hover_enabled=&#8220;off&#8220; button_one_border_radius__hover_enabled=&#8220;off&#8220; button_two_border_radius__hover_enabled=&#8220;off&#8220; button_letter_spacing__hover_enabled=&#8220;off&#8220; button_one_letter_spacing__hover_enabled=&#8220;off&#8220; button_two_letter_spacing__hover_enabled=&#8220;off&#8220; button_bg_color__hover_enabled=&#8220;off&#8220; button_one_bg_color__hover_enabled=&#8220;off&#8220; button_two_bg_color__hover_enabled=&#8220;off&#8220;][\/et_pb_button][\/et_pb_column][\/et_pb_row][et_pb_row column_structure=&#8220;1_3,1_3,1_3&#8243; use_custom_gutter=&#8220;on&#8220; gutter_width=&#8220;0&#8243; make_equal=&#8220;on&#8220; disabled_on=&#8220;on|on|off&#8220; admin_label=&#8220;About Area&#8220; _builder_version=&#8220;4.16&#8243; width=&#8220;100%&#8220; max_width=&#8220;100%&#8220; custom_margin=&#8220;0px||||false|false&#8220; custom_padding=&#8220;0px||0px|&#8220; use_custom_width=&#8220;on&#8220; width_unit=&#8220;off&#8220; custom_width_percent=&#8220;100%&#8220; global_colors_info=&#8220;{}&#8220;][et_pb_column type=&#8220;1_3&#8243; _builder_version=&#8220;4.16&#8243; background_color=&#8220;#1e1e1e&#8220; custom_padding=&#8220;|5%|6%|5%|false|false&#8220; global_colors_info=&#8220;{}&#8220; custom_padding__hover=&#8220;|||&#8220;][et_pb_button button_text=&#8220;Werksansichten im Wandel der Zeit&#8220; module_class=&#8220;werksansichten&#8220; _builder_version=&#8220;4.21.0&#8243; custom_margin=&#8220;20px|||&#8220; locked=&#8220;off&#8220; global_colors_info=&#8220;{}&#8220; button_text_size__hover_enabled=&#8220;off&#8220; button_one_text_size__hover_enabled=&#8220;off&#8220; button_two_text_size__hover_enabled=&#8220;off&#8220; button_text_color__hover_enabled=&#8220;off&#8220; button_one_text_color__hover_enabled=&#8220;off&#8220; button_two_text_color__hover_enabled=&#8220;off&#8220; button_border_width__hover_enabled=&#8220;off&#8220; button_one_border_width__hover_enabled=&#8220;off&#8220; button_two_border_width__hover_enabled=&#8220;off&#8220; button_border_color__hover_enabled=&#8220;off&#8220; button_one_border_color__hover_enabled=&#8220;off&#8220; button_two_border_color__hover_enabled=&#8220;off&#8220; button_border_radius__hover_enabled=&#8220;off&#8220; button_one_border_radius__hover_enabled=&#8220;off&#8220; button_two_border_radius__hover_enabled=&#8220;off&#8220; button_letter_spacing__hover_enabled=&#8220;off&#8220; button_one_letter_spacing__hover_enabled=&#8220;off&#8220; button_two_letter_spacing__hover_enabled=&#8220;off&#8220; button_bg_color__hover_enabled=&#8220;off&#8220; button_one_bg_color__hover_enabled=&#8220;off&#8220; button_two_bg_color__hover_enabled=&#8220;off&#8220;][\/et_pb_button][\/et_pb_column][et_pb_column type=&#8220;1_3&#8243; _builder_version=&#8220;4.16&#8243; background_color=&#8220;#282828&#8243; custom_padding=&#8220;|5%|6%|5%|false|false&#8220; global_colors_info=&#8220;{}&#8220; custom_padding__hover=&#8220;|||&#8220;][et_pb_button button_url=&#8220;#schulte&#8220; button_text=&#8220;Ahnengalerie&#8220; _builder_version=&#8220;4.16&#8243; custom_margin=&#8220;20px|||&#8220; locked=&#8220;off&#8220; global_colors_info=&#8220;{}&#8220; button_text_size__hover_enabled=&#8220;off&#8220; button_one_text_size__hover_enabled=&#8220;off&#8220; button_two_text_size__hover_enabled=&#8220;off&#8220; button_text_color__hover_enabled=&#8220;off&#8220; button_one_text_color__hover_enabled=&#8220;off&#8220; button_two_text_color__hover_enabled=&#8220;off&#8220; button_border_width__hover_enabled=&#8220;off&#8220; button_one_border_width__hover_enabled=&#8220;off&#8220; button_two_border_width__hover_enabled=&#8220;off&#8220; button_border_color__hover_enabled=&#8220;off&#8220; button_one_border_color__hover_enabled=&#8220;off&#8220; button_two_border_color__hover_enabled=&#8220;off&#8220; button_border_radius__hover_enabled=&#8220;off&#8220; button_one_border_radius__hover_enabled=&#8220;off&#8220; button_two_border_radius__hover_enabled=&#8220;off&#8220; button_letter_spacing__hover_enabled=&#8220;off&#8220; button_one_letter_spacing__hover_enabled=&#8220;off&#8220; button_two_letter_spacing__hover_enabled=&#8220;off&#8220; button_bg_color__hover_enabled=&#8220;off&#8220; button_one_bg_color__hover_enabled=&#8220;off&#8220; button_two_bg_color__hover_enabled=&#8220;off&#8220;][\/et_pb_button][\/et_pb_column][et_pb_column type=&#8220;1_3&#8243; _builder_version=&#8220;4.16&#8243; background_color=&#8220;#383838&#8243; custom_padding=&#8220;|5%|6%|5%|false|false&#8220; global_colors_info=&#8220;{}&#8220; custom_padding__hover=&#8220;|||&#8220;][et_pb_button button_url=&#8220;https:\/\/www.schulte-duesseldorf.de\/de\/geschichte.php&#8220; url_new_window=&#8220;on&#8220; button_text=&#8220;Bebilderte Chronik&#8220; module_class=&#8220;popmake-3164&#8243; _builder_version=&#8220;4.16&#8243; custom_margin=&#8220;20px||20px||false|false&#8220; locked=&#8220;off&#8220; global_colors_info=&#8220;{}&#8220; button_text_size__hover_enabled=&#8220;off&#8220; button_one_text_size__hover_enabled=&#8220;off&#8220; button_two_text_size__hover_enabled=&#8220;off&#8220; button_text_color__hover_enabled=&#8220;off&#8220; button_one_text_color__hover_enabled=&#8220;off&#8220; button_two_text_color__hover_enabled=&#8220;off&#8220; button_border_width__hover_enabled=&#8220;off&#8220; button_one_border_width__hover_enabled=&#8220;off&#8220; button_two_border_width__hover_enabled=&#8220;off&#8220; button_border_color__hover_enabled=&#8220;off&#8220; button_one_border_color__hover_enabled=&#8220;off&#8220; button_two_border_color__hover_enabled=&#8220;off&#8220; button_border_radius__hover_enabled=&#8220;off&#8220; button_one_border_radius__hover_enabled=&#8220;off&#8220; button_two_border_radius__hover_enabled=&#8220;off&#8220; button_letter_spacing__hover_enabled=&#8220;off&#8220; button_one_letter_spacing__hover_enabled=&#8220;off&#8220; button_two_letter_spacing__hover_enabled=&#8220;off&#8220; button_bg_color__hover_enabled=&#8220;off&#8220; button_one_bg_color__hover_enabled=&#8220;off&#8220; button_two_bg_color__hover_enabled=&#8220;off&#8220;][\/et_pb_button][\/et_pb_column][\/et_pb_row][\/et_pb_section][et_pb_section fb_built=&#8220;1&#8243; admin_label=&#8220;Popup &#8211; #werksansichten&#8220; module_id=&#8220;werksansichten&#8220; module_class=&#8220;popup with-loader&#8220; _builder_version=&#8220;4.21.0&#8243; _module_preset=&#8220;default&#8220; max_width=&#8220;80%&#8220; custom_margin=&#8220;||||true|false&#8220; custom_padding=&#8220;0px|0px|40px|0px|false|true&#8220; da_is_popup=&#8220;on&#8220; da_popup_slug=&#8220;werksansichten&#8220; da_with_loader=&#8220;on&#8220; da_disable_devices=&#8220;off|off|off&#8220; global_colors_info=&#8220;{}&#8220; da_exit_intent=&#8220;off&#8220; da_has_close=&#8220;on&#8220; da_alt_close=&#8220;off&#8220; da_dark_close=&#8220;off&#8220; da_not_modal=&#8220;on&#8220; da_is_singular=&#8220;off&#8220; da_has_shadow=&#8220;on&#8220;][et_pb_row _builder_version=&#8220;4.21.0&#8243; _module_preset=&#8220;default&#8220; global_colors_info=&#8220;{}&#8220;][et_pb_column type=&#8220;4_4&#8243; _builder_version=&#8220;4.21.0&#8243; _module_preset=&#8220;default&#8220; global_colors_info=&#8220;{}&#8220;][et_pb_text admin_label=&#8220;Title&#8220; _builder_version=&#8220;4.21.0&#8243; header_font=&#8220;||||||||&#8220; header_2_font=&#8220;Poppins|600|||||||&#8220; header_2_text_align=&#8220;center&#8220; header_2_font_size=&#8220;36px&#8220; header_2_line_height=&#8220;1.2em&#8220; text_orientation=&#8220;right&#8220; custom_margin=&#8220;10px||5px||false|false&#8220; custom_margin_tablet=&#8220;||0px||false|false&#8220; custom_margin_phone=&#8220;&#8220; custom_margin_last_edited=&#8220;on|tablet&#8220; animation_direction=&#8220;left&#8220; header_2_font_size_tablet=&#8220;30px&#8220; header_2_font_size_phone=&#8220;24px&#8220; header_2_font_size_last_edited=&#8220;on|phone&#8220; locked=&#8220;off&#8220; global_colors_info=&#8220;{}&#8220;]<\/p>\n<h2>Werksansichten<\/h2>\n<p>[\/et_pb_text][et_pb_code _builder_version=&#8220;4.21.0&#8243; _module_preset=&#8220;default&#8220; global_colors_info=&#8220;{}&#8220;]<div id=\"metaslider-id-1804\" style=\"width: 100%; margin: 0 auto;\" class=\"ml-slider-3-108-0 metaslider metaslider-flex metaslider-1804 ml-slider lightboxgalerie has-dots-nav has-carousel-mode ms-theme-outline\" role=\"region\" aria-label=\"Werksansichten\" data-height=\"700\" data-width=\"1200\">\n    <div id=\"metaslider_container_1804\">\n        <div id=\"metaslider_1804\">\n            <ul class='slides'>\n                <li style=\"display: none; width: 100%;\" class=\"slide-4922 ms-image \" aria-roledescription=\"slide\" data-date=\"2023-05-22 14:19:48\" data-filename=\"1890_Wiese-am-Muldenufer_1200_k1-1200x700.jpg\" data-slide-type=\"image\"><img loading=\"lazy\" decoding=\"async\" src=\"https:\/\/schulte-trebsen.de\/wp-content\/uploads\/2023\/05\/1890_Wiese-am-Muldenufer_1200_k1-1200x700.jpg\" height=\"700\" width=\"1200\" alt=\"\" class=\"slider-1804 slide-4922 msDefaultImage\" title=\"1890_Wiese-am-Muldenufer_1200_k1\" \/><div class=\"caption-wrap\"><div class=\"caption\"><div>Wiese am Muldenufer 1890 - Sp\u00e4terer Standort der Papierfabrik<\/div><\/div><\/div><\/li>\n                <li style=\"display: none; width: 100%;\" class=\"slide-5061 ms-image \" aria-roledescription=\"slide\" data-date=\"2023-07-03 11:13:50\" data-filename=\"1895_Fabrikansicht-vom-Suedosten_1200_k1-1200x700.jpg\" data-slide-type=\"image\"><img loading=\"lazy\" decoding=\"async\" src=\"https:\/\/schulte-trebsen.de\/wp-content\/uploads\/2023\/05\/1895_Fabrikansicht-vom-Suedosten_1200_k1-1200x700.jpg\" height=\"700\" width=\"1200\" alt=\"\" class=\"slider-1804 slide-5061 msDefaultImage\" title=\"1895_Fabrikansicht-vom-Suedosten_1200_k1\" \/><div class=\"caption-wrap\"><div class=\"caption\"><div>Fabrikansicht von S\u00fcdosten 1895<\/div><\/div><\/div><\/li>\n                <li style=\"display: none; width: 100%;\" class=\"slide-5062 ms-image \" aria-roledescription=\"slide\" data-date=\"2023-07-03 11:13:51\" data-filename=\"1918_Gesamtansicht-der-Fabrik-2_1200-1200x700.jpg\" data-slide-type=\"image\"><img loading=\"lazy\" decoding=\"async\" src=\"https:\/\/schulte-trebsen.de\/wp-content\/uploads\/2023\/05\/1918_Gesamtansicht-der-Fabrik-2_1200-1200x700.jpg\" height=\"700\" width=\"1200\" alt=\"\" class=\"slider-1804 slide-5062 msDefaultImage\" title=\"1918_Gesamtansicht-der-Fabrik-2_1200\" \/><div class=\"caption-wrap\"><div class=\"caption\"><div>Gesamtansicht der Fabrik um 1918<\/div><\/div><\/div><\/li>\n                <li style=\"display: none; width: 100%;\" class=\"slide-5064 ms-image \" aria-roledescription=\"slide\" data-date=\"2023-07-03 11:13:51\" data-filename=\"1918_Zellstofffabrik_1200-1200x700.jpg\" data-slide-type=\"image\"><img loading=\"lazy\" decoding=\"async\" src=\"https:\/\/schulte-trebsen.de\/wp-content\/uploads\/2023\/05\/1918_Zellstofffabrik_1200-1200x700.jpg\" height=\"700\" width=\"1200\" alt=\"\" class=\"slider-1804 slide-5064 msDefaultImage\" title=\"1918_Zellstofffabrik_1200\" \/><div class=\"caption-wrap\"><div class=\"caption\"><div>Fabrikansicht 1918<\/div><\/div><\/div><\/li>\n                <li style=\"display: none; width: 100%;\" class=\"slide-5065 ms-image \" aria-roledescription=\"slide\" data-date=\"2023-07-03 11:13:51\" data-filename=\"1928_Blick-auf-die-Fabrik_1200-1200x700.jpg\" data-slide-type=\"image\"><img loading=\"lazy\" decoding=\"async\" src=\"https:\/\/schulte-trebsen.de\/wp-content\/uploads\/2023\/05\/1928_Blick-auf-die-Fabrik_1200-1200x700.jpg\" height=\"700\" width=\"1200\" alt=\"\" class=\"slider-1804 slide-5065 msDefaultImage\" title=\"1928_Blick-auf-die-Fabrik_1200\" \/><div class=\"caption-wrap\"><div class=\"caption\"><div>Blick auf die Fabrik im Jahre 1928<\/div><\/div><\/div><\/li>\n                <li style=\"display: none; width: 100%;\" class=\"slide-5066 ms-image \" aria-roledescription=\"slide\" data-date=\"2023-07-03 11:13:51\" data-filename=\"1959_07_Bau-Papiermaschinenhalle-1_1200-1200x700.jpg\" data-slide-type=\"image\"><img loading=\"lazy\" decoding=\"async\" src=\"https:\/\/schulte-trebsen.de\/wp-content\/uploads\/2023\/05\/1959_07_Bau-Papiermaschinenhalle-1_1200-1200x700.jpg\" height=\"700\" width=\"1200\" alt=\"\" class=\"slider-1804 slide-5066 msDefaultImage\" title=\"1959_07_Bau-Papiermaschinenhalle-1_1200\" \/><div class=\"caption-wrap\"><div class=\"caption\"><div>1959 Bau der Papiermaschinenhalle<\/div><\/div><\/div><\/li>\n                <li style=\"display: none; width: 100%;\" class=\"slide-5063 ms-image \" aria-roledescription=\"slide\" data-date=\"2023-07-03 11:13:51\" data-filename=\"1961_Papiermaschine_1200-942x550.jpg\" data-slide-type=\"image\"><img loading=\"lazy\" decoding=\"async\" src=\"https:\/\/schulte-trebsen.de\/wp-content\/uploads\/2023\/05\/1961_Papiermaschine_1200-942x550.jpg\" height=\"700\" width=\"1200\" alt=\"\" class=\"slider-1804 slide-5063 msDefaultImage\" title=\"1961_Papiermaschine_1200\" \/><div class=\"caption-wrap\"><div class=\"caption\"><div>Papiermaschine im Jahr 1961<\/div><\/div><\/div><\/li>\n                <li style=\"display: none; width: 100%;\" class=\"slide-4921 ms-image \" aria-roledescription=\"slide\" data-date=\"2023-05-22 13:14:54\" data-filename=\"GETEC-GB-Trebsen_029_Foto_Andreas_Lander_1024-1024x597.jpg\" data-slide-type=\"image\"><img loading=\"lazy\" decoding=\"async\" src=\"https:\/\/schulte-trebsen.de\/wp-content\/uploads\/2023\/05\/GETEC-GB-Trebsen_029_Foto_Andreas_Lander_1024-1024x597.jpg\" height=\"700\" width=\"1200\" alt=\"\" class=\"slider-1804 slide-4921 msDefaultImage\" title=\"GETEC-GB-Trebsen_029_Foto_Andreas_Lander_1024\" \/><div class=\"caption-wrap\"><div class=\"caption\"><div>Abhitzekessel KWK-Anlage (Fotograf Andreas Lander)<\/div><\/div><\/div><\/li>\n            <\/ul>\n        <\/div>\n        \n    <\/div>\n<\/div>[\/et_pb_code][\/et_pb_column][\/et_pb_row][\/et_pb_section][et_pb_section fb_built=&#8220;1&#8243; custom_padding_last_edited=&#8220;on|phone&#8220; admin_label=&#8220;Wir sind f\u00fcr Sie da&#8220; module_id=&#8220;standortchronik&#8220; _builder_version=&#8220;4.16&#8243; custom_padding=&#8220;90px||90px|&#8220; custom_padding_tablet=&#8220;60px||60px||true|false&#8220; custom_padding_phone=&#8220;30px||30px||true|false&#8220; da_disable_devices=&#8220;off|off|off&#8220; global_colors_info=&#8220;{}&#8220; da_is_popup=&#8220;off&#8220; da_exit_intent=&#8220;off&#8220; da_has_close=&#8220;on&#8220; da_alt_close=&#8220;off&#8220; da_dark_close=&#8220;off&#8220; da_not_modal=&#8220;on&#8220; da_is_singular=&#8220;off&#8220; da_with_loader=&#8220;off&#8220; da_has_shadow=&#8220;on&#8220;][et_pb_row admin_label=&#8220;Shop Title Area&#8220; _builder_version=&#8220;4.16&#8243; global_colors_info=&#8220;{}&#8220;][et_pb_column type=&#8220;4_4&#8243; _builder_version=&#8220;4.16&#8243; custom_padding=&#8220;|||&#8220; global_colors_info=&#8220;{}&#8220; custom_padding__hover=&#8220;|||&#8220;][et_pb_text admin_label=&#8220;Title&#8220; _builder_version=&#8220;4.27.3&#8243; header_font=&#8220;||||||||&#8220; header_2_font=&#8220;Poppins|600|||||||&#8220; header_2_text_align=&#8220;center&#8220; header_2_font_size=&#8220;36px&#8220; header_2_line_height=&#8220;1.2em&#8220; text_orientation=&#8220;right&#8220; custom_margin_tablet=&#8220;||0px||false|false&#8220; custom_margin_phone=&#8220;&#8220; custom_margin_last_edited=&#8220;on|tablet&#8220; animation_style=&#8220;fold&#8220; animation_direction=&#8220;left&#8220; animation_intensity_fold=&#8220;10%&#8220; hover_enabled=&#8220;0&#8243; header_2_font_size_tablet=&#8220;30px&#8220; header_2_font_size_phone=&#8220;24px&#8220; header_2_font_size_last_edited=&#8220;on|phone&#8220; locked=&#8220;off&#8220; global_colors_info=&#8220;{}&#8220; sticky_enabled=&#8220;0&#8243;]<\/p>\n<h2>Standortchronik Trebsen<\/h2>\n<p>[\/et_pb_text][et_pb_divider divider_position=&#8220;center&#8220; divider_weight=&#8220;3px&#8220; _builder_version=&#8220;4.16&#8243; max_width=&#8220;50px&#8220; module_alignment=&#8220;center&#8220; custom_margin=&#8220;||20px|&#8220; custom_margin_tablet=&#8220;||0px||false|false&#8220; custom_margin_phone=&#8220;&#8220; custom_margin_last_edited=&#8220;on|tablet&#8220; animation_style=&#8220;slide&#8220; animation_direction=&#8220;top&#8220; animation_intensity_slide=&#8220;10%&#8220; animation_starting_opacity=&#8220;100%&#8220; locked=&#8220;off&#8220; global_colors_info=&#8220;{}&#8220;][\/et_pb_divider][\/et_pb_column][\/et_pb_row][et_pb_row _builder_version=&#8220;4.16&#8243; custom_padding=&#8220;0px||||false|false&#8220; global_colors_info=&#8220;{}&#8220;][et_pb_column type=&#8220;4_4&#8243; _builder_version=&#8220;4.16&#8243; global_colors_info=&#8220;{}&#8220;][et_pb_toggle title=&#8220;\u00ab Die ersten Jahre \u00bb (1888 \u2013 1918)&#8220; _builder_version=&#8220;4.16&#8243; title_line_height=&#8220;1.4em&#8220; title_font_size_tablet=&#8220;15px&#8220; title_font_size_phone=&#8220;14px&#8220; title_font_size_last_edited=&#8220;on|phone&#8220; body_font_size_tablet=&#8220;13px&#8220; body_font_size_phone=&#8220;12px&#8220; body_font_size_last_edited=&#8220;on|desktop&#8220; global_colors_info=&#8220;{}&#8220;]<\/p>\n<p>\u00ab 1888 \u00bb<br \/> Am 15. Oktober 1888 erwarb der f\u00fcrstlich reu\u00df. Kommerzienrat Gotthelf Friedrich Anton Wiede am westlichen Ufer der Vereinigten Mulde auf der Flur des Fischerdorfes Pauschwitz s\u00fcdlich der Stadt Trebsen die Rechte f\u00fcr den Ausbau der dortigen Wasserkraft. Gemeinsam mit seinen S\u00f6hnen Johannes und Alfred baute er sie zu einer Holzschleiferei und Papierfabrik aus; die Einrichtungen hierzu wurden 1892 bei der Maschinenfabrik Golzern bestellt. Die Papierfabrik erhielt den Namen \u201eWiede &amp; S\u00f6hne\u201c.<\/p>\n<p>\u00ab 1893 \u00bb<br \/> Am 9. November 1893 lief die Produktion mit 112 Mitarbeitern an, und dieser Termin gilt als der offizielle Gr\u00fcndungstermin. Produziert wurden auf zun\u00e4chst einer Papiermaschine von 2,10m Arbeitsbreite holzhaltige und holzfreie Schreib- und Druckpapiere. Die Gesch\u00e4ftsf\u00fchrung oblag zun\u00e4chst abwechselnd den Br\u00fcdern Johannes und Alfred Wiede. bis sie schlie\u00dflich Johannes Wiede allein \u00fcbertragen wurde.<\/p>\n<p>\u00ab 1895 \u00bb<br \/> Am 1. Juli 1895, wurde eine zweite Papiermaschine in Betrieb genommen, gebaut von dem Papiermaschinenhersteller F\u00fcllner.<\/p>\n<p>\u00ab 1896 \u00bb<br \/> 1896 wurde die Produktion um die Strohzellstoff-Produktion im Natronverfahren erweitert.<\/p>\n<p>\u00ab 1909 \u00bb<br \/> Im Jahre 1909 nahm man auch die Produktion von Holzzellstoff auf.<\/p>\n<p>\u00ab 1911 \u00bb<br \/> Bereits am 11. Juli 1911 kam eine dritte Papiermaschine in Betrieb, Arbeitbreite 2,90m, wiederum hergestellt von dem Papiermaschinenhersteller F\u00fcllner.<\/p>\n<p>\u00ab 1914 &#8211; 1918 \u00bb<br \/> Sogar w\u00e4hrend des ersten Weltkrieges konnte die Zellstoff-Fabrikation erweitert werden; unter Anderem produzierte man Spinnzellstoff und einen Strohzellstoff, der zur Herstellung von \u201eErsatzfutter\u201c verwendet wurde. Die Mitarbeiterzahl betrug 565.<\/p>\n<p>[\/et_pb_toggle][et_pb_toggle title=&#8220;\u00ab Johannes Wiede wird alleiniger Eigent\u00fcmer \u00bb (1920 &#8211; 1945)&#8220; _builder_version=&#8220;4.16&#8243; title_line_height=&#8220;1.4em&#8220; title_font_size_tablet=&#8220;15px&#8220; title_font_size_phone=&#8220;14px&#8220; title_font_size_last_edited=&#8220;on|phone&#8220; body_font_size_tablet=&#8220;13px&#8220; body_font_size_phone=&#8220;12px&#8220; body_font_size_last_edited=&#8220;on|phone&#8220; global_colors_info=&#8220;{}&#8220;]<\/p>\n<p>\u00ab 1920 \u00bb<br \/> Johannes Wiede \u00fcbernimmt 1920 s\u00e4mtliche Gesellschafteranteile.<\/p>\n<p>\u00ab 1920 &#8211; 1921 \u00bb<br \/> Der Austausch der ersten beiden Papiermaschinen gegen Neue mit Arbeitsbreiten von 2,20 m und 2,80 m erfolgte ab 1920, die wiederum von dem Papiermaschinenhersteller F\u00fcllner geliefert wurden.<\/p>\n<p>\u00ab 1929 &#8211; 1935 \u00bb<br \/> Ende der 1920er Jahre wurde die Zellstoff-Fabrik erneuert, und Mitte der 1930er Jahre wurde die Strohzellstoff- durch eine Sulfatzellstoff-Fabrik f\u00fcr Holz ersetzt. Um noch die weiter wachsende Arbeiterschaft unterzubringen, lie\u00df Johannes Wiede Arbeiterwohnh\u00e4user errichten. 1930 stiftete er eine Sport- und Kulturst\u00e4tte<\/p>\n<p>\u00ab 1939 \u00bb<br \/> Am 14. Juni 1939 starb Johannes Wiede; ihm folgte als Gesch\u00e4ftsf\u00fchrer sein Sohn Anton.<\/p>\n<p>\u00ab 1941 \u00bb<br \/> In 1941 begann man mit der Erzeugung von Kiefern-Kraftzellstoff. Erste Versuche zur Herstellung von Sackpapier folgten im Anschluss.<\/p>\n<p>\u00ab 1943 \u00bb<br \/> 1943 wurde das 50-j\u00e4hrige Bestehen begangen.<\/p>\n<p>\u00ab 1945 \u00bb<br \/> Am 16. April 1945 r\u00fcckten amerikanische Truppen in Trebsen ein; dies f\u00fchrte zun\u00e4chst zur Stilllegung der Fabrik. Auf Grund einer auf der Krimkonferenz in Jalta (04. &#8211; 11. Febr. 1945) getroffenen Vereinbarung \u00fcber das milit\u00e4rische Vorgehen der Alliierten w\u00e4hrend der Schlussphase des Krieges stoppten die Amerikaner ihren Vormarsch an der Mulde. Die Papierfabrik erlangte insofern eine Bedeutung, als die zu ihr f\u00fchrende Muldebr\u00fccke (erbaut 1895) die einzige passierbare Br\u00fccke geblieben war. Diese benutzten die Amerikaner, um mit Patrouille-Fahrten das Gebiet \u00f6stlich der Mulde zu erkunden. Dabei kam es am 25.April um 10,30 Uhr bei Leckwitz, etwa 2 km westlich von Strehla an der Elbe, zum ersten Treffen zwischen amerikanischen und russischen Soldaten, etwa 3\u00bd Stunden fr\u00fcher als das ber\u00fchmt gewordene Treffen bei Torgau.<\/p>\n<p>Im Juli 1945 \u00fcbernahmen die Russen Sachsen und damit auch Trebsen.<\/p>\n<p>In der Trebsener Fabrik wurde die Produktion am 15. Juli 1945 wiederaufgenommen. Herr Anton Wiede musste Trebsen verlassen.<\/p>\n<p>[\/et_pb_toggle][et_pb_toggle title=&#8220;\u00ab Nachkriegsjahre und sozialistische Produktion \u00bb (1946 &#8211; 1989)&#8220; _builder_version=&#8220;4.16&#8243; title_line_height=&#8220;1.4em&#8220; title_font_size_tablet=&#8220;15px&#8220; title_font_size_phone=&#8220;14px&#8220; title_font_size_last_edited=&#8220;on|phone&#8220; body_font_size_tablet=&#8220;13px&#8220; body_font_size_phone=&#8220;12px&#8220; body_font_size_last_edited=&#8220;on|phone&#8220; global_colors_info=&#8220;{}&#8220;]<\/p>\n<p>\u00ab 1946 \u00bb<br \/> Am 15. M\u00e4rz 1946 begannen die Demontage und der Transport des Betriebes zur \u201eWiedergutmachung\u201c in die Sowjetunion.<br \/> Bereits zwei Monate danach, n\u00e4mlich am 15. Mai 1946, erteilte die sowjetische Milit\u00e4r-Verwaltung den Befehl, die bereits zur H\u00e4lfte abgebaute Zellstoff-Fabrik bis zum 1.Juli wiederaufzubauen. Ein paar Tage vor diesem Termin, am 27.06.1946, konnte mit der Zellstoff-Produktion wieder begonnen werden. Die Papiermaschinen blieben demontiert.<\/p>\n<p>\u00ab 1947 \u00bb<br \/> Ab April 1947 lautete die Firma entsprechend \u201eVEB Zellstoff- und Papierfabrik Trebsen\u201c. Sie war Mitglied der Vereinigung Volkseigener Betriebe (VVB), des sp\u00e4teren Kombinates Zellstoff und Papier in Heidenau.<\/p>\n<p>\u00ab 1952 \u00bb<br \/> Die Zellstoffproduktion wurde vollst\u00e4ndig auf Kraftzellstoff umgestellt; die Herstellung von Stroh-, Aspen- und Buchenholz-Zellstoff wurde aufgegeben.<\/p>\n<p>\u00ab 1960 \u00bb<br \/> Inbetriebnahme der neuen, auf dem Strohplatz errichteten Sackpapiermaschine mit 4,08 m Arbeitsbreite, hergestellt vom VEB PAMA in Freiberg. Dabei handelte es sich um die bis dahin gr\u00f6\u00dfte in der DDR projektierte und gebaute Papiermaschine.<\/p>\n<p>[\/et_pb_toggle][et_pb_toggle title=&#8220;\u00ab Mit neuer Ausrichtung konkurrenzf\u00e4hig in die Zukunft \u00bb (1990 &#8211; 2013)&#8220; _builder_version=&#8220;4.16&#8243; title_line_height=&#8220;1.4em&#8220; title_font_size_tablet=&#8220;15px&#8220; title_font_size_phone=&#8220;14px&#8220; title_font_size_last_edited=&#8220;on|phone&#8220; body_font_size_tablet=&#8220;13px&#8220; body_font_size_phone=&#8220;12px&#8220; body_font_size_last_edited=&#8220;on|phone&#8220; global_colors_info=&#8220;{}&#8220;]<\/p>\n<p>\u00ab 1990 \u00bb<br \/> \u201eVEB Zellstoff- und Papierfabrik Trebsen\u201c wurde zur GmbH unter dem Dach der Dresden Papier AG umfirmiert, die wiederum der staatlichen Treuhandanstalt geh\u00f6rte und aus dem bisherigen Kombinat Zellstoff und Papier in Heidenau bestand.<br \/> Ende September 1990 wurde die Zellstoff-Fabrik stillgelegt. Nach umfangreichen Investitionen (Bsp. Einbau einer Leimpresse und eines Obersiebes, neue Altpapieraufbereitung, neue Kl\u00e4ranlage, neue Dampferzeugung) erfolgte im November 1990 die Umstellung der Produktion auf Wellpappen-Rohpapier (4,20 m beschnittene Arbeitsbreite).<\/p>\n<p>\u00ab 1993 \u00bb<br \/> Im September 1993 erwarb die Mercer International Inc. mit Sitz in Vancouver die Dresden Papier AG und damit auch die Trebsener Papierfabrik.<\/p>\n<p>\u00ab 2000 \u00bb<br \/> Mit Wirkung vom 1.Juni 2000 kauften die Gesellschafter der Papierfabrik Julius Schulte S\u00f6hne in D\u00fcsseldorf, das hei\u00dft die Br\u00fcder Dieter, Gert und Eberhard Pothmann, von Mercer die Papierfabrik Trebsen. Produktionskapazit\u00e4t 65.000 t\/a.<\/p>\n<p>\u00ab 2001 \u00bb<br \/> Im Dezember 2021 erfolgte eine vollst\u00e4ndige Erneuerung der Papiermaschine: Neue Ober- und Untersiebpartie, Stuhlung, Trockenpartie, W\u00e4rmer\u00fcckgewinnung, Lufttechnik, Poperoller. Pressenpartieumbau mit neuer Schuhpresse, Umbau der Rollenschneidmaschine.<\/p>\n<p>\u00ab 2002 \u00bb<br \/> Das Jahrhunderthochwasser im August 2002 traf die Papierfabrik nicht so stark wie andere, weil sie auf dem Hochufer der Mulde liegt.<\/p>\n<p>\u00ab 2002 &#8211; 2005 \u00bb<br \/> Die Produktion konnte schrittweise auf 105.000 t\/a erweitert werden. Das Produkt-Portfolio wurde von anf\u00e4nglich drei Sorten auf sieben ausgebaut.<\/p>\n<p>\u00ab 2007 &#8211; 2008 \u00bb<br \/> Weitere Investitionsschritte waren n\u00f6tig und sinnvoll geworden: Erneuerung der Stoffbereitung,<br \/> Umbau der Pressenpartie und Einbau eines neuen Stoffauflaufs. Die Erweiterung des Portfolios schritt voran und konnte auf 12 Sorten ausgebaut werden.<\/p>\n<p>\u00ab 2010 \u00bb<br \/> Im Laufe 2010 erfolgte Inbetriebnahme der neuen Rollenschneidmaschine, des neuen Hallenkrans und des neuen anaerob Reaktors der Kl\u00e4ranlage. Das Sortenspektrum wurde auf 19 gesteigert.<\/p>\n<p>\u00ab 2011 \u00bb<br \/> Durch die Investitionsschritte der voran gegangen Jahre war die Produktion auf 165.000 t\/a ausgebaut worden. Weitere Meilensteine in 2011 war der Ausbau der aeroben Abwasserreinigungsanlage, die Inbetriebnahme der Biogasanlage und der Blockheizkraftwerke zur Stromerzeugung.<\/p>\n<p>\u00ab 2013 \u00bb<br \/> 2013 erfolgte ein weiterer historischer Umbau der Papiermaschine: Verl\u00e4ngerung der Trocken- und Siebpartie, neue Antriebe zur Erh\u00f6hung der Geschwindigkeit, neuer Poperoller, neues Gl\u00e4ttwerk, neuer Combi-Sizer, Umbau Kondensatsystem, Anpassung Lufttechnik, Errichtung 2. St\u00e4rkesilo, Modernisierung der Feinsortierung.<br \/> Das zweite Jahrhunderthochwasser verlief gl\u00fccklicherweise \u00e4hnlich glimpflich wie 11 Jahre zuvor.<\/p>\n<p>[\/et_pb_toggle][et_pb_toggle title=&#8220;\u00ab Erweiterung zur modernen Papierfabik \u00bb (seit 2014)&#8220; _builder_version=&#8220;4.16&#8243; title_line_height=&#8220;1.4em&#8220; title_font_size_tablet=&#8220;15px&#8220; title_font_size_phone=&#8220;14px&#8220; title_font_size_last_edited=&#8220;on|phone&#8220; body_font_size_tablet=&#8220;13px&#8220; body_font_size_phone=&#8220;12px&#8220; body_font_size_last_edited=&#8220;on|phone&#8220; global_colors_info=&#8220;{}&#8220;]<\/p>\n<p>\u00ab 2014 \u00bb<br \/> Die Produktionsmenge wird erstmalig auf \u00fcber 200.000 t\/a gesteigert. In diesem Jahr wird das Produkt-Portfolio um ein Kraftliner-Ersatzpapier sowie Verpackungspapieren mit Sondereigenschaften \u2013 wie zB. flammhemmend, korrosionssch\u00fctzend, tiefk\u00fchlbest\u00e4ndig, fettdicht \u2013 erweitert.<\/p>\n<p>\u00ab 2015 &#8211; 2018 \u00bb<br \/> In diesem Zeitraum entfielen die folgenden Investitionen: die neue sogenannte \u201eFischtreppe\u201c (Fischaufstiegsanlage in der Mulde), die neue Werkseinfahrt, die neue Trockenhaube der Vortrockenpartie, die Modernisierung des Prozessleitsystems der Papiermaschine, ein neuer Anaerob-Reaktor in der Wasseraufbereitung, der Baubeginn der Biomethananlage zur Einspeisung in das \u00f6ffentliche Erdgasnetzwerk.<br \/> Im November 2018 konnte das Jubil\u00e4um \u201e125 Jahre Papier aus Trebsen\u201c gefeiert werden.<\/p>\n<p>\u00ab 2020 \u00bb<br \/> Die neue Hallenlufttechnik wurde in Betrieb genommen.<br \/> Das Produkt-Portfolio wird qualitativ durch die Aufnahme eines Topkraftliners (Zellstoffdecke auf Altpapiertr\u00e4germaterial) nach oben aufgewertet.<\/p>\n<p>[\/et_pb_toggle][\/et_pb_column][\/et_pb_row][\/et_pb_section][et_pb_section fb_built=&#8220;1&#8243; custom_padding_last_edited=&#8220;on|phone&#8220; disabled_on=&#8220;off|off|off&#8220; admin_label=&#8220;Ereignissektion&#8220; module_id=&#8220;schulte&#8220; _builder_version=&#8220;4.16&#8243; background_color=&#8220;#efe9e4&#8243; custom_padding=&#8220;90px||90px||true&#8220; custom_padding_tablet=&#8220;60px||60px||true|false&#8220; custom_padding_phone=&#8220;30px||30px||true|false&#8220; da_disable_devices=&#8220;off|off|off&#8220; collapsed=&#8220;on&#8220; global_colors_info=&#8220;{}&#8220; da_is_popup=&#8220;off&#8220; da_exit_intent=&#8220;off&#8220; da_has_close=&#8220;on&#8220; da_alt_close=&#8220;off&#8220; da_dark_close=&#8220;off&#8220; da_not_modal=&#8220;on&#8220; da_is_singular=&#8220;off&#8220; da_with_loader=&#8220;off&#8220; da_has_shadow=&#8220;on&#8220;][et_pb_row _builder_version=&#8220;4.16&#8243; custom_margin=&#8220;|||&#8220; locked=&#8220;off&#8220; global_colors_info=&#8220;{}&#8220;][et_pb_column type=&#8220;4_4&#8243; _builder_version=&#8220;4.16&#8243; custom_padding=&#8220;|||&#8220; global_colors_info=&#8220;{}&#8220; custom_padding__hover=&#8220;|||&#8220;][et_pb_text admin_label=&#8220;Title&#8220; _builder_version=&#8220;4.27.3&#8243; header_font=&#8220;||||||||&#8220; header_2_font=&#8220;Poppins|600|||||||&#8220; header_2_text_align=&#8220;center&#8220; header_2_font_size=&#8220;36px&#8220; header_2_line_height=&#8220;1.2em&#8220; text_orientation=&#8220;right&#8220; custom_margin_tablet=&#8220;||0px||false|false&#8220; custom_margin_phone=&#8220;&#8220; custom_margin_last_edited=&#8220;on|tablet&#8220; animation_style=&#8220;fold&#8220; animation_direction=&#8220;left&#8220; animation_intensity_fold=&#8220;10%&#8220; header_2_font_size_tablet=&#8220;30px&#8220; header_2_font_size_phone=&#8220;24px&#8220; header_2_font_size_last_edited=&#8220;on|phone&#8220; global_colors_info=&#8220;{}&#8220;]<\/p>\n<h2>Papiermachertradition seit dem 17.\u00a0Jahrhundert<\/h2>\n<p>[\/et_pb_text][et_pb_divider divider_position=&#8220;center&#8220; divider_weight=&#8220;3px&#8220; _builder_version=&#8220;4.16&#8243; max_width=&#8220;50px&#8220; module_alignment=&#8220;center&#8220; custom_margin_tablet=&#8220;||0px||false|false&#8220; custom_margin_phone=&#8220;&#8220; custom_margin_last_edited=&#8220;on|tablet&#8220; animation_style=&#8220;slide&#8220; animation_direction=&#8220;top&#8220; animation_intensity_slide=&#8220;10%&#8220; animation_starting_opacity=&#8220;100%&#8220; global_colors_info=&#8220;{}&#8220;][\/et_pb_divider][\/et_pb_column][\/et_pb_row][et_pb_row custom_padding_last_edited=&#8220;on|tablet&#8220; _builder_version=&#8220;4.16&#8243; custom_margin=&#8220;|||&#8220; custom_padding_tablet=&#8220;0px||||false|false&#8220; custom_padding_phone=&#8220;&#8220; locked=&#8220;off&#8220; global_colors_info=&#8220;{}&#8220;][et_pb_column type=&#8220;4_4&#8243; _builder_version=&#8220;4.16&#8243; custom_padding=&#8220;|||&#8220; global_colors_info=&#8220;{}&#8220; custom_padding__hover=&#8220;|||&#8220;][et_pb_text admin_label=&#8220;Title&#8220; _builder_version=&#8220;4.27.3&#8243; text_font=&#8220;||||||||&#8220; text_font_size=&#8220;16px&#8220; text_line_height=&#8220;1.4em&#8220; header_font=&#8220;||||||||&#8220; header_2_font=&#8220;Poppins|600|||||||&#8220; header_2_text_align=&#8220;center&#8220; header_2_font_size=&#8220;36px&#8220; text_orientation=&#8220;center&#8220; custom_margin=&#8220;||0px|&#8220; animation_style=&#8220;fade&#8220; text_font_size_tablet=&#8220;15px&#8220; text_font_size_phone=&#8220;14px&#8220; text_font_size_last_edited=&#8220;on|phone&#8220; global_colors_info=&#8220;{}&#8220;]<\/p>\n<p>Die <strong>Familie Schulte<\/strong> ist eine alte Papiermacherfamilie. Der \u00e4lteste nachgewiesene Vorfahr ist Wilhelm Schulte; man wei\u00df, dass seine Frau am 9. Februar 1681 begraben wurde. Er war Papiermacher bei Vorster in Broich (heute ein Stadtteil von M\u00fclheim an der Ruhr). Vor ihm sollen schon drei Generationen Papiermacher gewesen sein.<\/p>\n<p>[\/et_pb_text][\/et_pb_column][\/et_pb_row][et_pb_row column_structure=&#8220;1_3,1_3,1_3&#8243; admin_label=&#8220;Workshops&#8220; _builder_version=&#8220;4.16&#8243; use_custom_width=&#8220;on&#8220; locked=&#8220;off&#8220; global_colors_info=&#8220;{}&#8220;][et_pb_column type=&#8220;1_3&#8243; _builder_version=&#8220;4.16&#8243; background_color=&#8220;#ffffff&#8220; custom_padding=&#8220;|||&#8220; global_colors_info=&#8220;{}&#8220; custom_padding__hover=&#8220;|||&#8220;][et_pb_image src=&#8220;https:\/\/schulte-trebsen.de\/wp-content\/uploads\/2020\/12\/Wilhelm_Schulte_portrait.jpg&#8220; title_text=&#8220;Wilhelm_Schulte_portrait&#8220; force_fullwidth=&#8220;on&#8220; align_tablet=&#8220;center&#8220; align_phone=&#8220;&#8220; align_last_edited=&#8220;on|desktop&#8220; _builder_version=&#8220;4.16&#8243; custom_margin=&#8220;||0px|&#8220; custom_padding_tablet=&#8220;10%|15%||15%|false|true&#8220; custom_padding_phone=&#8220;|10%||10%|false|true&#8220; custom_padding_last_edited=&#8220;on|phone&#8220; global_colors_info=&#8220;{}&#8220;][\/et_pb_image][et_pb_text admin_label=&#8220;Title&#8220; _builder_version=&#8220;4.16&#8243; text_font=&#8220;Poppins||||||||&#8220; text_font_size=&#8220;16px&#8220; text_line_height=&#8220;1.4em&#8220; link_font=&#8220;|600||on|||||&#8220; link_text_color=&#8220;#fdb467&#8243; link_font_size=&#8220;16px&#8220; link_letter_spacing=&#8220;3px&#8220; link_line_height=&#8220;1.8em&#8220; header_font=&#8220;||||||||&#8220; header_3_font=&#8220;Poppins|600|||||||&#8220; header_3_text_align=&#8220;center&#8220; header_3_font_size=&#8220;24px&#8220; header_3_line_height=&#8220;1.5em&#8220; background_color=&#8220;#ffffff&#8220; text_orientation=&#8220;center&#8220; custom_margin=&#8220;|||&#8220; custom_padding=&#8220;20px|20px|30px|20px|false|true&#8220; animation_style=&#8220;fade&#8220; text_font_size_tablet=&#8220;15px&#8220; text_font_size_phone=&#8220;14px&#8220; text_font_size_last_edited=&#8220;on|phone&#8220; header_3_font_size_tablet=&#8220;22px&#8220; header_3_font_size_phone=&#8220;19px&#8220; header_3_font_size_last_edited=&#8220;on|phone&#8220; locked=&#8220;off&#8220; global_colors_info=&#8220;{}&#8220;]<\/p>\n<h3>Wilhelm Schulte<\/h3>\n<p>&#8230; folgten vier Generationen als Papiermacher, meist bei Vorster in Delstern bei Hagen, zuletzt bei R\u00f6pe in Johannestal bei Hemer, ehe Friedrich Schulte (1802-1872) auf Gehei\u00df seines Vaters 1827 die erste Schulte-eigene Papierm\u00fchle in der Calle bei Iserlohn erbaute.<\/p>\n<p>[\/et_pb_text][\/et_pb_column][et_pb_column type=&#8220;1_3&#8243; _builder_version=&#8220;4.16&#8243; background_color=&#8220;#ffffff&#8220; custom_padding=&#8220;|||&#8220; global_colors_info=&#8220;{}&#8220; custom_padding__hover=&#8220;|||&#8220;][et_pb_image src=&#8220;https:\/\/schulte-trebsen.de\/wp-content\/uploads\/2020\/12\/Friedrich_Schulte_portrait.jpg.jpg&#8220; title_text=&#8220;Friedrich_Schulte_portrait.jpg&#8220; force_fullwidth=&#8220;on&#8220; align_tablet=&#8220;center&#8220; align_phone=&#8220;&#8220; align_last_edited=&#8220;on|desktop&#8220; _builder_version=&#8220;4.16&#8243; custom_margin=&#8220;||0px|&#8220; custom_padding_tablet=&#8220;10%|15%||15%|false|true&#8220; custom_padding_phone=&#8220;10%|10%||10%|false|true&#8220; custom_padding_last_edited=&#8220;on|tablet&#8220; global_colors_info=&#8220;{}&#8220;][\/et_pb_image][et_pb_text admin_label=&#8220;Title&#8220; _builder_version=&#8220;4.16&#8243; text_font=&#8220;Poppins||||||||&#8220; text_font_size=&#8220;16px&#8220; text_line_height=&#8220;1.4em&#8220; link_font=&#8220;|600||on|||||&#8220; link_text_color=&#8220;#fdb467&#8243; link_font_size=&#8220;16px&#8220; link_letter_spacing=&#8220;3px&#8220; link_line_height=&#8220;1.8em&#8220; header_font=&#8220;||||||||&#8220; header_3_font=&#8220;Poppins|600|||||||&#8220; header_3_text_align=&#8220;center&#8220; header_3_font_size=&#8220;24px&#8220; header_3_line_height=&#8220;1.5em&#8220; background_color=&#8220;#ffffff&#8220; text_orientation=&#8220;center&#8220; custom_margin=&#8220;|||&#8220; custom_padding=&#8220;20px|20px|30px|20px|false|true&#8220; animation_style=&#8220;fade&#8220; text_font_size_tablet=&#8220;15px&#8220; text_font_size_phone=&#8220;14px&#8220; text_font_size_last_edited=&#8220;on|phone&#8220; header_3_font_size_tablet=&#8220;22px&#8220; header_3_font_size_phone=&#8220;19px&#8220; header_3_font_size_last_edited=&#8220;on|phone&#8220; locked=&#8220;off&#8220; global_colors_info=&#8220;{}&#8220;]<\/p>\n<h3>Friedrich Schulte<\/h3>\n<p>\u00a0&#8230; hatte vier S\u00f6hne und eine Tochter. Die beiden \u00e4ltesten S\u00f6hne Friedrich (1829-1900) und Julius (1831-1888) Schulte gr\u00fcndeten mit Otto Scheffen 1860 die Papierfabrik Gebr. Schulte &amp; Scheffen. Mit dieser Papierfabrik wurde die Papierherstellung in D\u00fcsseldorf begonnen. Produziert wurde in erster Linie Zuckerpapier.<\/p>\n<p>[\/et_pb_text][\/et_pb_column][et_pb_column type=&#8220;1_3&#8243; _builder_version=&#8220;4.16&#8243; background_color=&#8220;#ffffff&#8220; custom_padding=&#8220;|||&#8220; global_colors_info=&#8220;{}&#8220; custom_padding__hover=&#8220;|||&#8220;][et_pb_image src=&#8220;https:\/\/schulte-trebsen.de\/wp-content\/uploads\/2020\/12\/Julius_Schulte_portrait.jpg.jpg&#8220; title_text=&#8220;Julius_Schulte_portrait.jpg&#8220; force_fullwidth=&#8220;on&#8220; align_tablet=&#8220;center&#8220; align_phone=&#8220;&#8220; align_last_edited=&#8220;on|desktop&#8220; _builder_version=&#8220;4.16&#8243; custom_margin=&#8220;||0px|&#8220; custom_padding_tablet=&#8220;10%|15%||15%|false|true&#8220; custom_padding_phone=&#8220;10%||||false|false&#8220; custom_padding_last_edited=&#8220;on|tablet&#8220; global_colors_info=&#8220;{}&#8220;][\/et_pb_image][et_pb_text admin_label=&#8220;Title&#8220; _builder_version=&#8220;4.16&#8243; text_font=&#8220;Poppins||||||||&#8220; text_font_size=&#8220;16px&#8220; text_line_height=&#8220;1.4em&#8220; link_font=&#8220;|600||on|||||&#8220; link_text_color=&#8220;#fdb467&#8243; link_font_size=&#8220;16px&#8220; link_letter_spacing=&#8220;3px&#8220; link_line_height=&#8220;1.8em&#8220; header_font=&#8220;||||||||&#8220; header_3_font=&#8220;Poppins|600|||||||&#8220; header_3_text_align=&#8220;center&#8220; header_3_font_size=&#8220;24px&#8220; header_3_line_height=&#8220;1.5em&#8220; background_color=&#8220;#ffffff&#8220; text_orientation=&#8220;center&#8220; custom_margin=&#8220;|||&#8220; custom_padding=&#8220;20px|20px|30px|20px|false|true&#8220; animation_style=&#8220;fade&#8220; text_font_size_tablet=&#8220;15px&#8220; text_font_size_phone=&#8220;14px&#8220; text_font_size_last_edited=&#8220;on|phone&#8220; header_3_font_size_tablet=&#8220;22px&#8220; header_3_font_size_phone=&#8220;19px&#8220; header_3_font_size_last_edited=&#8220;on|phone&#8220; locked=&#8220;off&#8220; global_colors_info=&#8220;{}&#8220;]<\/p>\n<h3>Julius Schulte<\/h3>\n<p>&#8230; machte sich 1886 selbstst\u00e4ndig und gr\u00fcndete eine eigene Papierfabrik auf dem s\u00fcdlichen D\u00fcsselufer zur Herstellung von Pack- und H\u00fclsenpapieren. Die Rohstoffbasis s\u00e4mtlicher Papiere waren Lumpen und Altpapiere.<\/p>\n<p>[\/et_pb_text][\/et_pb_column][\/et_pb_row][et_pb_row _builder_version=&#8220;4.16&#8243; _module_preset=&#8220;default&#8220; global_colors_info=&#8220;{}&#8220;][et_pb_column type=&#8220;4_4&#8243; _builder_version=&#8220;4.16&#8243; _module_preset=&#8220;default&#8220; global_colors_info=&#8220;{}&#8220;][et_pb_image src=&#8220;https:\/\/schulte-trebsen.de\/wp-content\/uploads\/2020\/12\/dokument.jpg&#8220; title_text=&#8220;dokument&#8220; force_fullwidth=&#8220;on&#8220; align_tablet=&#8220;center&#8220; align_phone=&#8220;&#8220; align_last_edited=&#8220;on|desktop&#8220; _builder_version=&#8220;4.16&#8243; custom_margin=&#8220;||0px|&#8220; global_colors_info=&#8220;{}&#8220;][\/et_pb_image][et_pb_text admin_label=&#8220;Title&#8220; _builder_version=&#8220;4.16&#8243; text_font=&#8220;Poppins||||||||&#8220; text_font_size=&#8220;16px&#8220; text_line_height=&#8220;1.4em&#8220; link_font=&#8220;|600||on|||||&#8220; link_text_color=&#8220;#fdb467&#8243; link_font_size=&#8220;16px&#8220; link_letter_spacing=&#8220;3px&#8220; link_line_height=&#8220;1.8em&#8220; header_font=&#8220;||||||||&#8220; header_3_font=&#8220;Poppins|600|||||||&#8220; header_3_text_align=&#8220;center&#8220; header_3_font_size=&#8220;24px&#8220; header_3_line_height=&#8220;1.5em&#8220; background_color=&#8220;#ffffff&#8220; text_orientation=&#8220;center&#8220; custom_margin=&#8220;|||&#8220; custom_padding=&#8220;20px|20px|30px|20px|false|true&#8220; animation_style=&#8220;fade&#8220; text_font_size_tablet=&#8220;15px&#8220; text_font_size_phone=&#8220;14px&#8220; text_font_size_last_edited=&#8220;on|phone&#8220; header_3_font_size_tablet=&#8220;22px&#8220; header_3_font_size_phone=&#8220;19px&#8220; header_3_font_size_last_edited=&#8220;on|phone&#8220; global_colors_info=&#8220;{}&#8220;]<\/p>\n<p style=\"text-align: center;\">JULIUS SCHULTE starb 1888 kurz nach der Inbetriebnahme der Fabrik.<br \/> Seine Nachfolge \u00fcbernahm zun\u00e4chst der \u00e4lteste Sohn Emil (1861 &#8211; 1947). Es folgten augenscheinlich Auseinandersetzungen zwischen den Geschwistern, bis 1910 der zweit\u00e4lteste Sohn &#8211; ebenfalls ein Julius (1868 &#8211; 1938) &#8211;\u00a0die Gesch\u00e4ftsf\u00fchrung \u00fcbernahm.<br \/> Mitte der 1920er Jahre begann KURT POTHMANN, ein Enkel des Firmengr\u00fcnders, seine T\u00e4tigkeit in der Firma; er \u00fcbernahm\u00a01938 die Gesch\u00e4ftsf\u00fchrung aus den H\u00e4nden seines Onkels Julius und wurde Alleingesellschafter.\u00a0Ihm folgten in der Gesch\u00e4ftsf\u00fchrung seine S\u00f6hne Dieter (*1927) und Gert (1931 &#8211; 2008) Pothmann. Seit ihrem Ausscheiden wurde die operative Verantwortung in au\u00dfer famili\u00e4re H\u00e4nde gelegt; das Unternehmen befindet sich aktuell in 4. und 5. Generation in direkter Nachfahrenlinie des Gr\u00fcnders.<\/p>\n<p>[\/et_pb_text][et_pb_divider divider_position=&#8220;center&#8220; divider_weight=&#8220;3px&#8220; _builder_version=&#8220;4.16&#8243; max_width=&#8220;50px&#8220; module_alignment=&#8220;center&#8220; animation_style=&#8220;slide&#8220; animation_direction=&#8220;top&#8220; animation_intensity_slide=&#8220;10%&#8220; animation_starting_opacity=&#8220;100%&#8220; global_colors_info=&#8220;{}&#8220;][\/et_pb_divider][\/et_pb_column][\/et_pb_row][\/et_pb_section][et_pb_section fb_built=&#8220;1&#8243; admin_label=&#8220;Footer Section&#8220; _builder_version=&#8220;4.23.1&#8243; background_color=&#8220;#303030&#8243; custom_padding=&#8220;20px||20px||true|false&#8220; da_disable_devices=&#8220;off|off|off&#8220; global_module=&#8220;4394&#8243; saved_tabs=&#8220;all&#8220; locked=&#8220;off&#8220; collapsed=&#8220;on&#8220; global_colors_info=&#8220;{}&#8220; da_is_popup=&#8220;off&#8220; da_exit_intent=&#8220;off&#8220; da_has_close=&#8220;on&#8220; da_alt_close=&#8220;off&#8220; da_dark_close=&#8220;off&#8220; da_not_modal=&#8220;on&#8220; da_is_singular=&#8220;off&#8220; da_with_loader=&#8220;off&#8220; da_has_shadow=&#8220;on&#8220;][et_pb_row admin_label=&#8220;Footer Area&#8220; _builder_version=&#8220;4.19.3&#8243; custom_padding=&#8220;||0px||false|false&#8220; collapsed=&#8220;on&#8220; global_colors_info=&#8220;{}&#8220;][et_pb_column type=&#8220;4_4&#8243; _builder_version=&#8220;4.16&#8243; custom_padding=&#8220;|||&#8220; global_colors_info=&#8220;{}&#8220; custom_padding__hover=&#8220;|||&#8220;][et_pb_text ul_type=&#8220;none&#8220; admin_label=&#8220;Title&#8220; _builder_version=&#8220;4.16&#8243; text_font=&#8220;Poppins||||||||&#8220; text_text_color=&#8220;rgba(255,255,255,0.7)&#8220; text_font_size=&#8220;16px&#8220; text_line_height=&#8220;1.6em&#8220; ul_font=&#8220;Poppins||||||||&#8220; ul_text_align=&#8220;center&#8220; header_font=&#8220;||||||||&#8220; header_2_font=&#8220;Poppins||||||||&#8220; header_2_text_align=&#8220;center&#8220; header_2_font_size=&#8220;24px&#8220; header_2_line_height=&#8220;1.4em&#8220; text_orientation=&#8220;center&#8220; background_layout=&#8220;dark&#8220; custom_margin=&#8220;||15px|&#8220; custom_margin_last_edited=&#8220;off|desktop&#8220; custom_padding=&#8220;|||&#8220; animation_style=&#8220;fade&#8220; text_font_size_tablet=&#8220;14px&#8220; text_font_size_phone=&#8220;13px&#8220; text_font_size_last_edited=&#8220;on|phone&#8220; header_2_font_size_tablet=&#8220;22px&#8220; header_2_font_size_phone=&#8220;20px&#8220; header_2_font_size_last_edited=&#8220;on|phone&#8220; global_colors_info=&#8220;{}&#8220;]<\/p>\n<h2>Julius Schulte Trebsen GmbH &amp; Co. KG<\/h2>\n<p>Pauschwitzer Str. 45 \u00a0 \/\u00a0\u00a0 04687 Trebsen \u00a0 \/\u00a0\u00a0 Deutschland<\/p>\n<p>[\/et_pb_text][\/et_pb_column][\/et_pb_row][et_pb_row column_structure=&#8220;1_3,1_3,1_3&#8243; admin_label=&#8220;Footer Area&#8220; _builder_version=&#8220;4.16&#8243; custom_padding=&#8220;||0px||false|false&#8220; collapsed=&#8220;on&#8220; global_colors_info=&#8220;{}&#8220;][et_pb_column type=&#8220;1_3&#8243; admin_label=&#8220;Spalte Phone&#8220; _builder_version=&#8220;4.16&#8243; custom_padding=&#8220;0px||0px||false|false&#8220; global_colors_info=&#8220;{}&#8220; custom_padding__hover=&#8220;|||&#8220;][et_pb_text ul_type=&#8220;none&#8220; admin_label=&#8220;Title&#8220; _builder_version=&#8220;4.16&#8243; text_font=&#8220;Poppins||||||||&#8220; text_text_color=&#8220;rgba(255,255,255,0.7)&#8220; text_font_size=&#8220;16px&#8220; text_line_height=&#8220;1.6em&#8220; ul_font=&#8220;Poppins||||||||&#8220; ul_text_align=&#8220;center&#8220; header_font=&#8220;||||||||&#8220; header_2_font=&#8220;Poppins||||||||&#8220; header_2_text_align=&#8220;center&#8220; header_2_font_size=&#8220;24px&#8220; header_2_line_height=&#8220;1.4em&#8220; text_orientation=&#8220;center&#8220; background_layout=&#8220;dark&#8220; custom_margin=&#8220;||15px|&#8220; custom_margin_tablet=&#8220;0px||0px||false|false&#8220; custom_margin_phone=&#8220;&#8220; custom_margin_last_edited=&#8220;on|tablet&#8220; custom_padding=&#8220;||||false|false&#8220; animation_style=&#8220;fade&#8220; text_font_size_tablet=&#8220;14px&#8220; text_font_size_phone=&#8220;13px&#8220; text_font_size_last_edited=&#8220;on|phone&#8220; header_2_font_size_tablet=&#8220;22px&#8220; header_2_font_size_phone=&#8220;20px&#8220; header_2_font_size_last_edited=&#8220;on|phone&#8220; global_colors_info=&#8220;{}&#8220;]<\/p>\n<h2>Phone<\/h2>\n<p>+49 (0) 3 43 83-97-0<\/p>\n<p>[\/et_pb_text][\/et_pb_column][et_pb_column type=&#8220;1_3&#8243; admin_label=&#8220;Spalte Fax&#8220; _builder_version=&#8220;4.16&#8243; custom_padding=&#8220;|||&#8220; global_colors_info=&#8220;{}&#8220; custom_padding__hover=&#8220;|||&#8220;][et_pb_text ul_type=&#8220;none&#8220; admin_label=&#8220;Title&#8220; _builder_version=&#8220;4.16&#8243; text_font=&#8220;Poppins||||||||&#8220; text_text_color=&#8220;rgba(255,255,255,0.7)&#8220; text_font_size=&#8220;16px&#8220; text_line_height=&#8220;1.6em&#8220; ul_font=&#8220;Poppins||||||||&#8220; ul_text_align=&#8220;center&#8220; header_font=&#8220;||||||||&#8220; header_2_font=&#8220;Poppins||||||||&#8220; header_2_text_align=&#8220;center&#8220; header_2_font_size=&#8220;24px&#8220; header_2_line_height=&#8220;1.4em&#8220; text_orientation=&#8220;center&#8220; background_layout=&#8220;dark&#8220; custom_margin=&#8220;||15px|&#8220; custom_margin_tablet=&#8220;||0px||false|false&#8220; custom_margin_phone=&#8220;&#8220; custom_margin_last_edited=&#8220;on|tablet&#8220; custom_padding=&#8220;|||&#8220; animation_style=&#8220;fade&#8220; text_font_size_tablet=&#8220;14px&#8220; text_font_size_phone=&#8220;13px&#8220; text_font_size_last_edited=&#8220;on|phone&#8220; header_2_font_size_tablet=&#8220;22px&#8220; header_2_font_size_phone=&#8220;20px&#8220; header_2_font_size_last_edited=&#8220;on|phone&#8220; global_colors_info=&#8220;{}&#8220;]<\/p>\n<h2>Fax<\/h2>\n<p>+49 (0) 3 43 83-97-237<\/p>\n<p>[\/et_pb_text][\/et_pb_column][et_pb_column type=&#8220;1_3&#8243; admin_label=&#8220;Spalte Email&#8220; _builder_version=&#8220;4.16&#8243; custom_padding=&#8220;|||&#8220; global_colors_info=&#8220;{}&#8220; custom_padding__hover=&#8220;|||&#8220;][et_pb_text ul_type=&#8220;none&#8220; admin_label=&#8220;Title&#8220; _builder_version=&#8220;4.16&#8243; text_font=&#8220;Poppins||||||||&#8220; text_text_color=&#8220;rgba(255,255,255,0.7)&#8220; text_font_size=&#8220;16px&#8220; text_line_height=&#8220;1.6em&#8220; ul_font=&#8220;Poppins||||||||&#8220; ul_text_align=&#8220;center&#8220; header_font=&#8220;||||||||&#8220; header_2_font=&#8220;Poppins||||||||&#8220; header_2_text_align=&#8220;center&#8220; header_2_font_size=&#8220;24px&#8220; header_2_line_height=&#8220;1.4em&#8220; text_orientation=&#8220;center&#8220; background_layout=&#8220;dark&#8220; custom_margin=&#8220;||15px|&#8220; custom_padding=&#8220;|||&#8220; animation_style=&#8220;fade&#8220; text_font_size_tablet=&#8220;14px&#8220; text_font_size_phone=&#8220;13px&#8220; text_font_size_last_edited=&#8220;on|phone&#8220; header_2_font_size_tablet=&#8220;22px&#8220; header_2_font_size_phone=&#8220;20px&#8220; header_2_font_size_last_edited=&#8220;on|phone&#8220; global_colors_info=&#8220;{}&#8220;]<\/p>\n<h2>Email<\/h2>\n<p>info@schulte-trebsen.de<\/p>\n<p>[\/et_pb_text][\/et_pb_column][\/et_pb_row][et_pb_row admin_label=&#8220;social media zeile&#8220; module_id=&#8220;socialmedia&#8220; _builder_version=&#8220;4.21.0&#8243; _module_preset=&#8220;default&#8220; max_width=&#8220;280px&#8220; module_alignment=&#8220;center&#8220; custom_css_main_element=&#8220;display:flex!important;||justify-content : center&#8220; collapsed=&#8220;on&#8220; global_colors_info=&#8220;{}&#8220;][et_pb_column type=&#8220;4_4&#8243; _builder_version=&#8220;4.19.3&#8243; _module_preset=&#8220;default&#8220; custom_css_main_element=&#8220;display:flex!important;||justify-content : center&#8220; global_colors_info=&#8220;{}&#8220;][et_pb_image src=&#8220;https:\/\/schulte-trebsen.de\/wp-content\/uploads\/2021\/01\/xing_weiss_rund_rot.png&#8220; alt=&#8220;Marie Stier&#8220; title_text=&#8220;xing_wei\u00df_rund_rot&#8220; url=&#8220;https:\/\/www.xing.com\/pages\/julius-schulte-trebsen-gmbh-co-kg&#8220; url_new_window=&#8220;on&#8220; admin_label=&#8220;xing-logo&#8220; _builder_version=&#8220;4.19.3&#8243; _module_preset=&#8220;default&#8220; max_width=&#8220;50px&#8220; module_alignment=&#8220;center&#8220; height=&#8220;50px&#8220; global_colors_info=&#8220;{}&#8220;][\/et_pb_image][et_pb_image src=&#8220;https:\/\/schulte-trebsen.de\/wp-content\/uploads\/2021\/01\/linked_weiss_rund_rot.png&#8220; alt=&#8220;Marie Stier&#8220; title_text=&#8220;linked_wei\u00df_rund_rot&#8220; url=&#8220;https:\/\/de.linkedin.com\/company\/julius-schulte-trebsen-gmbh-&#038;-co.-kg&#8220; url_new_window=&#8220;on&#8220; admin_label=&#8220;linked-logo&#8220; _builder_version=&#8220;4.19.3&#8243; _module_preset=&#8220;default&#8220; max_width=&#8220;50px&#8220; module_alignment=&#8220;center&#8220; height=&#8220;50px&#8220; global_colors_info=&#8220;{}&#8220;][\/et_pb_image][et_pb_image src=&#8220;https:\/\/schulte-trebsen.de\/wp-content\/uploads\/2022\/11\/insta_weiss_rund_rot.png&#8220; alt=&#8220;Marie Stier&#8220; title_text=&#8220;insta_weiss_rund_rot&#8220; url=&#8220;https:\/\/www.instagram.com\/juliusschultetrebsen\/&#8220; url_new_window=&#8220;on&#8220; admin_label=&#8220;insta-logo&#8220; _builder_version=&#8220;4.19.3&#8243; _module_preset=&#8220;default&#8220; max_width=&#8220;50px&#8220; module_alignment=&#8220;center&#8220; height=&#8220;50px&#8220; global_colors_info=&#8220;{}&#8220;][\/et_pb_image][et_pb_image src=&#8220;https:\/\/schulte-trebsen.de\/wp-content\/uploads\/2023\/07\/facebook_weiss_rund_rot.png&#8220; alt=&#8220;Marie Stier&#8220; title_text=&#8220;facebook_wei\u00df_rund_rot&#8220; url=&#8220;https:\/\/www.facebook.com\/juliusschultetrebsen&#8220; url_new_window=&#8220;on&#8220; admin_label=&#8220;insta-logo&#8220; _builder_version=&#8220;4.21.0&#8243; _module_preset=&#8220;default&#8220; max_width=&#8220;50px&#8220; module_alignment=&#8220;center&#8220; height=&#8220;50px&#8220; global_colors_info=&#8220;{}&#8220;][\/et_pb_image][\/et_pb_column][\/et_pb_row][\/et_pb_section]<\/p>\n","protected":false},"excerpt":{"rendered":"<p>Tradition bringt Wissen und Erfahrung!Papier- und Zellstoff&shy;produktion in TrebsenAn der Mulde seit 1893Familien&shy;tradition SchultePapiermacher seit dem 17. JahrhundertDie Geschichte der Julius Schulte S\u00f6hne GmbH &amp; Co KGUnser Partnerunternehmen aus D\u00fcsseldorf, bei dem alles 1886 begannWerksansichten<div id=\"metaslider-id-1804\" style=\"width: 100%; margin: 0 auto;\" class=\"ml-slider-3-108-0 metaslider metaslider-flex metaslider-1804 ml-slider lightboxgalerie has-dots-nav has-carousel-mode ms-theme-outline\" role=\"region\" aria-label=\"Werksansichten\" data-height=\"700\" data-width=\"1200\">\n    <div id=\"metaslider_container_1804\">\n        <div id=\"metaslider_1804\">\n            <ul class='slides'>\n                <li style=\"display: none; width: 100%;\" class=\"slide-4922 ms-image \" aria-roledescription=\"slide\" data-date=\"2023-05-22 14:19:48\" data-filename=\"1890_Wiese-am-Muldenufer_1200_k1-1200x700.jpg\" data-slide-type=\"image\"><img loading=\"lazy\" decoding=\"async\" src=\"https:\/\/schulte-trebsen.de\/wp-content\/uploads\/2023\/05\/1890_Wiese-am-Muldenufer_1200_k1-1200x700.jpg\" height=\"700\" width=\"1200\" alt=\"\" class=\"slider-1804 slide-4922 msDefaultImage\" title=\"1890_Wiese-am-Muldenufer_1200_k1\" \/><div class=\"caption-wrap\"><div class=\"caption\"><div>Wiese am Muldenufer 1890 - Sp\u00e4terer Standort der Papierfabrik<\/div><\/div><\/div><\/li>\n                <li style=\"display: none; width: 100%;\" class=\"slide-5061 ms-image \" aria-roledescription=\"slide\" data-date=\"2023-07-03 11:13:50\" data-filename=\"1895_Fabrikansicht-vom-Suedosten_1200_k1-1200x700.jpg\" data-slide-type=\"image\"><img loading=\"lazy\" decoding=\"async\" src=\"https:\/\/schulte-trebsen.de\/wp-content\/uploads\/2023\/05\/1895_Fabrikansicht-vom-Suedosten_1200_k1-1200x700.jpg\" height=\"700\" width=\"1200\" alt=\"\" class=\"slider-1804 slide-5061 msDefaultImage\" title=\"1895_Fabrikansicht-vom-Suedosten_1200_k1\" \/><div class=\"caption-wrap\"><div class=\"caption\"><div>Fabrikansicht von S\u00fcdosten 1895<\/div><\/div><\/div><\/li>\n                <li style=\"display: none; width: 100%;\" class=\"slide-5062 ms-image \" aria-roledescription=\"slide\" data-date=\"2023-07-03 11:13:51\" data-filename=\"1918_Gesamtansicht-der-Fabrik-2_1200-1200x700.jpg\" data-slide-type=\"image\"><img loading=\"lazy\" decoding=\"async\" src=\"https:\/\/schulte-trebsen.de\/wp-content\/uploads\/2023\/05\/1918_Gesamtansicht-der-Fabrik-2_1200-1200x700.jpg\" height=\"700\" width=\"1200\" alt=\"\" class=\"slider-1804 slide-5062 msDefaultImage\" title=\"1918_Gesamtansicht-der-Fabrik-2_1200\" \/><div class=\"caption-wrap\"><div class=\"caption\"><div>Gesamtansicht der Fabrik um 1918<\/div><\/div><\/div><\/li>\n                <li style=\"display: none; width: 100%;\" class=\"slide-5064 ms-image \" aria-roledescription=\"slide\" data-date=\"2023-07-03 11:13:51\" data-filename=\"1918_Zellstofffabrik_1200-1200x700.jpg\" data-slide-type=\"image\"><img loading=\"lazy\" decoding=\"async\" src=\"https:\/\/schulte-trebsen.de\/wp-content\/uploads\/2023\/05\/1918_Zellstofffabrik_1200-1200x700.jpg\" height=\"700\" width=\"1200\" alt=\"\" class=\"slider-1804 slide-5064 msDefaultImage\" title=\"1918_Zellstofffabrik_1200\" \/><div class=\"caption-wrap\"><div class=\"caption\"><div>Fabrikansicht 1918<\/div><\/div><\/div><\/li>\n                <li style=\"display: none; width: 100%;\" class=\"slide-5065 ms-image \" aria-roledescription=\"slide\" data-date=\"2023-07-03 11:13:51\" data-filename=\"1928_Blick-auf-die-Fabrik_1200-1200x700.jpg\" data-slide-type=\"image\"><img loading=\"lazy\" decoding=\"async\" src=\"https:\/\/schulte-trebsen.de\/wp-content\/uploads\/2023\/05\/1928_Blick-auf-die-Fabrik_1200-1200x700.jpg\" height=\"700\" width=\"1200\" alt=\"\" class=\"slider-1804 slide-5065 msDefaultImage\" title=\"1928_Blick-auf-die-Fabrik_1200\" \/><div class=\"caption-wrap\"><div class=\"caption\"><div>Blick auf die Fabrik im Jahre 1928<\/div><\/div><\/div><\/li>\n                <li style=\"display: none; width: 100%;\" class=\"slide-5066 ms-image \" aria-roledescription=\"slide\" data-date=\"2023-07-03 11:13:51\" data-filename=\"1959_07_Bau-Papiermaschinenhalle-1_1200-1200x700.jpg\" data-slide-type=\"image\"><img loading=\"lazy\" decoding=\"async\" src=\"https:\/\/schulte-trebsen.de\/wp-content\/uploads\/2023\/05\/1959_07_Bau-Papiermaschinenhalle-1_1200-1200x700.jpg\" height=\"700\" width=\"1200\" alt=\"\" class=\"slider-1804 slide-5066 msDefaultImage\" title=\"1959_07_Bau-Papiermaschinenhalle-1_1200\" \/><div class=\"caption-wrap\"><div class=\"caption\"><div>1959 Bau der Papiermaschinenhalle<\/div><\/div><\/div><\/li>\n                <li style=\"display: none; width: 100%;\" class=\"slide-5063 ms-image \" aria-roledescription=\"slide\" data-date=\"2023-07-03 11:13:51\" data-filename=\"1961_Papiermaschine_1200-942x550.jpg\" data-slide-type=\"image\"><img loading=\"lazy\" decoding=\"async\" src=\"https:\/\/schulte-trebsen.de\/wp-content\/uploads\/2023\/05\/1961_Papiermaschine_1200-942x550.jpg\" height=\"700\" width=\"1200\" alt=\"\" class=\"slider-1804 slide-5063 msDefaultImage\" title=\"1961_Papiermaschine_1200\" \/><div class=\"caption-wrap\"><div class=\"caption\"><div>Papiermaschine im Jahr 1961<\/div><\/div><\/div><\/li>\n                <li style=\"display: none; width: 100%;\" class=\"slide-4921 ms-image \" aria-roledescription=\"slide\" data-date=\"2023-05-22 13:14:54\" data-filename=\"GETEC-GB-Trebsen_029_Foto_Andreas_Lander_1024-1024x597.jpg\" data-slide-type=\"image\"><img loading=\"lazy\" decoding=\"async\" src=\"https:\/\/schulte-trebsen.de\/wp-content\/uploads\/2023\/05\/GETEC-GB-Trebsen_029_Foto_Andreas_Lander_1024-1024x597.jpg\" height=\"700\" width=\"1200\" alt=\"\" class=\"slider-1804 slide-4921 msDefaultImage\" title=\"GETEC-GB-Trebsen_029_Foto_Andreas_Lander_1024\" \/><div class=\"caption-wrap\"><div class=\"caption\"><div>Abhitzekessel KWK-Anlage (Fotograf Andreas Lander)<\/div><\/div><\/div><\/li>\n            <\/ul>\n        <\/div>\n        \n    <\/div>\n<\/div>Standortchronik Trebsen\u00ab 1888 \u00bb Am 15. Oktober 1888 erwarb der f\u00fcrstlich reu\u00df. Kommerzienrat Gotthelf Friedrich Anton Wiede am westlichen Ufer [&hellip;]<\/p>\n","protected":false},"author":1,"featured_media":0,"parent":0,"menu_order":0,"comment_status":"closed","ping_status":"closed","template":"","meta":{"_et_pb_use_builder":"on","_et_pb_old_content":"","_et_gb_content_width":"","ngg_post_thumbnail":0,"footnotes":""},"class_list":["post-1726","page","type-page","status-publish","hentry"],"_links":{"self":[{"href":"https:\/\/schulte-trebsen.de\/en\/wp-json\/wp\/v2\/pages\/1726","targetHints":{"allow":["GET"]}}],"collection":[{"href":"https:\/\/schulte-trebsen.de\/en\/wp-json\/wp\/v2\/pages"}],"about":[{"href":"https:\/\/schulte-trebsen.de\/en\/wp-json\/wp\/v2\/types\/page"}],"author":[{"embeddable":true,"href":"https:\/\/schulte-trebsen.de\/en\/wp-json\/wp\/v2\/users\/1"}],"replies":[{"embeddable":true,"href":"https:\/\/schulte-trebsen.de\/en\/wp-json\/wp\/v2\/comments?post=1726"}],"version-history":[{"count":82,"href":"https:\/\/schulte-trebsen.de\/en\/wp-json\/wp\/v2\/pages\/1726\/revisions"}],"predecessor-version":[{"id":5460,"href":"https:\/\/schulte-trebsen.de\/en\/wp-json\/wp\/v2\/pages\/1726\/revisions\/5460"}],"wp:attachment":[{"href":"https:\/\/schulte-trebsen.de\/en\/wp-json\/wp\/v2\/media?parent=1726"}],"curies":[{"name":"wp","href":"https:\/\/api.w.org\/{rel}","templated":true}]}}